{"id":1425,"date":"2024-02-26T12:20:07","date_gmt":"2024-02-26T11:20:07","guid":{"rendered":"https:\/\/aema-iledere.fr\/?page_id=1425"},"modified":"2024-09-13T08:43:46","modified_gmt":"2024-09-13T06:43:46","slug":"les-salaries","status":"publish","type":"page","link":"https:\/\/aema-iledere.fr\/index.php\/les-salaries\/","title":{"rendered":"Les salari\u00e9s"},"content":{"rendered":"<div class=\"fusion-fullwidth fullwidth-box fusion-builder-row-1 fusion-flex-container has-pattern-background has-mask-background fusion-parallax-none nonhundred-percent-fullwidth non-hundred-percent-height-scrolling\" style=\"--awb-background-repeat:repeat;--awb-background-blend-mode:lighten;--awb-border-radius-top-left:0px;--awb-border-radius-top-right:0px;--awb-border-radius-bottom-right:0px;--awb-border-radius-bottom-left:0px;--awb-background-color:rgba(35,81,96,0.5);--awb-background-image:url(&quot;https:\/\/aema-iledere.fr\/wp-content\/uploads\/2023\/12\/1508763494-1686169556.jpg&quot;);--awb-flex-wrap:wrap;\" ><div class=\"awb-background-mask\" style=\"background-image:  url(data:image\/svg+xml;utf8,%3Csvg%20width%3D%221920%22%20height%3D%22954%22%20fill%3D%22none%22%20xmlns%3D%22http%3A%2F%2Fwww.w3.org%2F2000%2Fsvg%22%3E%3Cg%20clip-path%3D%22url%28%23prefix__prefix__clip0_77_23452%29%22%3E%3Cpath%20fill-rule%3D%22evenodd%22%20clip-rule%3D%22evenodd%22%20d%3D%22M1353%20308.5c0%20255.507-131.58%20485.45-341.45%20645.5-187.291%20142.83-436.933%20230-711.05%20230C-280.78%201184-752%20792.025-752%20308.5S-280.78-567%20300.5-567c450.743%200%20835.31%20235.692%20985.3%20567%2043.44%2095.948%2067.2%20199.916%2067.2%20308.5z%22%20fill%3D%22rgba%28255%2C255%2C255%2C1%29%22%2F%3E%3Cpath%20d%3D%22M1321.57%20538C1357.08%20287.516%201273.7%2089.91%201127-.418L1374.18-6c65.77%20100.68-15.89%20431.512-52.61%20544zM312%20955c432.242%200%20746.77-180.667%20850-271-90.34%20157.09-176.766%20246.121-208.688%20271H312z%22%20fill%3D%22rgba%2835%2C81%2C96%2C0.4%29%22%20fill-opacity%3D%22.25%22%2F%3E%3Cpath%20d%3D%22M1344.5%20427c0-252.4-212.67-390.833-319-428.5H1373c70%2082.4%2010.17%20320-28.5%20428.5z%22%20fill%3D%22rgba%2835%2C81%2C96%2C0.4%29%22%20fill-opacity%3D%22.1%22%2F%3E%3Cpath%20fill-rule%3D%22evenodd%22%20clip-rule%3D%22evenodd%22%20d%3D%22M1337%20184.5c0%20324.402-198.63%20609.049-497.356%20769.5H0V0h1285.8c-149.99-331.308-534.557-567-985.3-567C-280.78-567-752-175.025-752%20308.5c0%2040.898%203.371%2081.142%209.895%20120.549C-617.527%20811.461-207.995%201092%20278%201092c206.311%200%20398.842-50.56%20561.644-138h171.906C1221.42%20793.95%201353%20564.007%201353%20308.5c0-53.218-5.71-105.326-16.64-155.925.42%2010.596.64%2021.239.64%2031.925z%22%20fill%3D%22rgba%2835%2C81%2C96%2C0.4%29%22%20fill-opacity%3D%22.5%22%2F%3E%3C%2Fg%3E%3Cdefs%3E%3CclipPath%20id%3D%22prefix__prefix__clip0_77_23452%22%3E%3Cpath%20fill%3D%22rgba%2835%2C81%2C96%2C0.4%29%22%20d%3D%22M0%200h1920v954H0z%22%2F%3E%3C%2FclipPath%3E%3C%2Fdefs%3E%3C%2Fsvg%3E);opacity: 1 ;transform: scale(1, 1);mix-blend-mode:normal;\"><\/div><div class=\"fusion-builder-row fusion-row fusion-flex-align-items-center fusion-flex-justify-content-center fusion-flex-content-wrap\" style=\"max-width:1144px;margin-left: calc(-4% \/ 2 );margin-right: calc(-4% \/ 2 );\"><div class=\"fusion-layout-column fusion_builder_column fusion-builder-column-0 fusion_builder_column_1_1 1_1 fusion-flex-column\" style=\"--awb-bg-size:cover;--awb-width-large:100%;--awb-margin-top-large:0px;--awb-spacing-right-large:1.92%;--awb-margin-bottom-large:20px;--awb-spacing-left-large:1.92%;--awb-width-medium:100%;--awb-order-medium:0;--awb-spacing-right-medium:1.92%;--awb-spacing-left-medium:1.92%;--awb-width-small:100%;--awb-order-small:0;--awb-spacing-right-small:1.92%;--awb-spacing-left-small:1.92%;\"><div class=\"fusion-column-wrapper fusion-column-has-shadow fusion-flex-justify-content-flex-start fusion-content-layout-column\"><div class=\"fusion-section-separator section-separator slant fusion-section-separator-1\" style=\"--awb-spacer-height:30px;--awb-svg-margin-left:1.92%;--awb-svg-margin-right:1.92%;--awb-svg-margin-left-medium:1.92%;--awb-svg-margin-right-medium:1.92%;--awb-svg-margin-left-small:1.92%;--awb-svg-margin-right-small:1.92%;--awb-divider-height:30px;--awb-spacer-padding-top:inherit;--awb-sep-padding:0;--awb-svg-padding:0;\"><div class=\"fusion-section-separator-svg\"><svg class=\"fusion-slant-candy\" xmlns=\"http:\/\/www.w3.org\/2000\/svg\" version=\"1.1\" width=\"100%\" height=\"100\" viewBox=\"0 0 100 100\" preserveAspectRatio=\"none\" fill=\"rgba(35,81,96,0.4)\"><path d=\"M100 0 L100 100 L0 0 Z\"><\/path><\/svg><\/div><div class=\"fusion-section-separator-spacer\"><div class=\"fusion-section-separator-spacer-height\"><\/div><\/div><\/div><div class=\"fusion-title title fusion-title-1 fusion-sep-none fusion-title-text fusion-title-size-one\"><h1 class=\"fusion-title-heading title-heading-left\" style=\"margin:0;\"><strong>L&rsquo;\u00c9QUIPE DES SALARI\u00c9S<\/strong><\/h1><\/div><\/div><\/div><div class=\"fusion-layout-column fusion_builder_column fusion-builder-column-1 fusion_builder_column_1_1 1_1 fusion-flex-column\" style=\"--awb-bg-size:cover;--awb-width-large:100%;--awb-margin-top-large:0px;--awb-spacing-right-large:1.92%;--awb-margin-bottom-large:20px;--awb-spacing-left-large:1.92%;--awb-width-medium:100%;--awb-order-medium:0;--awb-spacing-right-medium:1.92%;--awb-spacing-left-medium:1.92%;--awb-width-small:100%;--awb-order-small:1;--awb-spacing-right-small:1.92%;--awb-spacing-left-small:1.92%;\"><div class=\"fusion-column-wrapper fusion-column-has-shadow fusion-flex-justify-content-flex-start fusion-content-layout-column\"><div class=\"fusion-separator\" style=\"align-self: flex-start;margin-right:auto;margin-bottom:30px;width:100%;max-width:250px;\"><div class=\"fusion-separator-border sep-single sep-solid\" style=\"--awb-height:20px;--awb-amount:20px;--awb-sep-color:#548235;border-color:#548235;border-top-width:5px;\"><\/div><\/div><\/div><\/div><div class=\"fusion-layout-column fusion_builder_column fusion-builder-column-2 fusion_builder_column_1_1 1_1 fusion-flex-column fusion-flex-align-self-center\" style=\"--awb-padding-right:10%;--awb-bg-size:cover;--awb-width-large:100%;--awb-margin-top-large:0px;--awb-spacing-right-large:1.92%;--awb-margin-bottom-large:50px;--awb-spacing-left-large:1.92%;--awb-width-medium:100%;--awb-order-medium:0;--awb-spacing-right-medium:1.92%;--awb-spacing-left-medium:1.92%;--awb-width-small:100%;--awb-order-small:2;--awb-spacing-right-small:1.92%;--awb-spacing-left-small:1.92%;\"><div class=\"fusion-column-wrapper fusion-column-has-shadow fusion-flex-justify-content-center fusion-content-layout-row\"><div class=\"fusion-text fusion-text-1\"><p>L\u2019AEMA se compose aujourd\u2019hui de <strong>3 services<\/strong> permettant \u00e0 l\u2019association de r\u00e9aliser l\u2019ensemble de ses missions sur les marais de l\u2019\u00eele de R\u00e9 et plus largement sur les zones humides du littoral fran\u00e7ais et international. L\u2019association compte <b>6<\/b> <strong>salari\u00e9s assurant chacun des r\u00f4les particuliers<\/strong>.<\/p>\n<p>Le point commun de cette \u00e9quipe : <strong>une passion pour le marais qui d\u00e9passe largement le cadre de l\u2019AEMA<\/strong>.<\/p>\n<p><strong>Tous exploitent un marais<\/strong> et consacrent une partie de leur temps \u00e0 g\u00e9rer des entit\u00e9s de marais afin d\u2019allier production et biodiversit\u00e9. Cette particularit\u00e9 permet \u00e0 l\u2019AEMA de bien conna\u00eetre les contraintes, les difficult\u00e9s, mais aussi les astuces et les bonnes pratiques de gestion d\u2019un marais r\u00e9cr\u00e9atif, salicole ou ostr\u00e9icole et donc de <strong>r\u00e9pondre concr\u00e8tement aux attentes des exploitants<\/strong>.<\/p>\n<\/div><\/div><\/div><div class=\"fusion-layout-column fusion_builder_column fusion-builder-column-3 fusion_builder_column_1_5 1_5 fusion-flex-column fusion-flex-align-self-center\" style=\"--awb-bg-size:cover;--awb-width-large:20%;--awb-margin-top-large:0px;--awb-spacing-right-large:9.6%;--awb-margin-bottom-large:20px;--awb-spacing-left-large:9.6%;--awb-width-medium:100%;--awb-order-medium:0;--awb-spacing-right-medium:1.92%;--awb-spacing-left-medium:1.92%;--awb-width-small:100%;--awb-order-small:3;--awb-spacing-right-small:1.92%;--awb-spacing-left-small:1.92%;\"><div class=\"fusion-column-wrapper fusion-column-has-shadow fusion-flex-justify-content-center fusion-content-layout-row fusion-flex-align-items-center\"><div class=\"fusion-image-element \" style=\"--awb-aspect-ratio: 100 \/ 130;--awb-margin-bottom:10px;--awb-max-width:150px;--awb-caption-title-font-family:var(--h2_typography-font-family);--awb-caption-title-font-weight:var(--h2_typography-font-weight);--awb-caption-title-font-style:var(--h2_typography-font-style);--awb-caption-title-size:var(--h2_typography-font-size);--awb-caption-title-transform:var(--h2_typography-text-transform);--awb-caption-title-line-height:var(--h2_typography-line-height);--awb-caption-title-letter-spacing:var(--h2_typography-letter-spacing);\"><div style=\"display:inline-block;width:150px;\"><span class=\" fusion-imageframe imageframe-none imageframe-1 hover-type-none has-aspect-ratio fusion-animated\" style=\"border-radius:80px;\" data-animationType=\"flipiny\" data-animationDuration=\"0.5\" data-animationOffset=\"bottom-in-view\"><img decoding=\"async\" width=\"1158\" height=\"1465\" title=\"Pierrick FRANCOIS\" src=\"https:\/\/aema-iledere.fr\/wp-content\/uploads\/2019\/03\/20230912_121508-scaled-e1701776179892.jpg\" class=\"img-responsive wp-image-954 img-with-aspect-ratio\" alt srcset=\"https:\/\/aema-iledere.fr\/wp-content\/uploads\/2019\/03\/20230912_121508-scaled-e1701776179892-200x253.jpg 200w, https:\/\/aema-iledere.fr\/wp-content\/uploads\/2019\/03\/20230912_121508-scaled-e1701776179892-400x506.jpg 400w, https:\/\/aema-iledere.fr\/wp-content\/uploads\/2019\/03\/20230912_121508-scaled-e1701776179892-600x759.jpg 600w, https:\/\/aema-iledere.fr\/wp-content\/uploads\/2019\/03\/20230912_121508-scaled-e1701776179892-800x1012.jpg 800w, https:\/\/aema-iledere.fr\/wp-content\/uploads\/2019\/03\/20230912_121508-scaled-e1701776179892.jpg 1158w\" sizes=\"(max-width: 1024px) 100vw, (max-width: 640px) 100vw, 1158px\" \/><\/span><\/div><\/div><div ><a class=\"fusion-button button-flat button-small button-default fusion-button-default button-1 fusion-button-default-span fusion-button-default-type\" style=\"--button-border-radius-top-left:5px;--button-border-radius-top-right:5px;--button-border-radius-bottom-right:5px;--button-border-radius-bottom-left:5px;\" target=\"_self\" href=\"#\" data-toggle=\"modal\" data-target=\".fusion-modal.PF\"><span class=\"fusion-button-text\">Pierrick Francois<\/span><\/a><\/div><div class=\"fusion-modal modal fade modal-1 PF\" tabindex=\"-1\" role=\"dialog\" aria-labelledby=\"modal-heading-1\" aria-hidden=\"true\" style=\"--awb-border-color:#ebebeb;--awb-background:#f6f6f6;\"><div class=\"modal-dialog modal-lg\" role=\"document\"><div class=\"modal-content fusion-modal-content\"><div class=\"modal-header\"><button class=\"close\" type=\"button\" data-dismiss=\"modal\" aria-hidden=\"true\" aria-label=\"Fermer\">&times;<\/button><h3 class=\"modal-title\" id=\"modal-heading-1\" data-dismiss=\"modal\" aria-hidden=\"true\">Pierrick FRANCOIS<\/h3><\/div><div class=\"modal-body fusion-clearfix\">\n<p><strong>Pierrick<\/strong> est Directeur de l\u2019AEMA depuis 2016. Titulaire d\u2019un master sp\u00e9cialis\u00e9 dans les \u00e9cosyst\u00e8mes aquatiques, il poss\u00e8de une connaissance fine des marais littoraux pour avoir \u0153uvr\u00e9 dans diff\u00e9rentes structures li\u00e9es \u00e0 ces zones humides sur la fa\u00e7ade atlantique, en Afrique et en Oc\u00e9anie. Intervenant en Universit\u00e9 en niveau Master 2, <strong>Pierrick<\/strong> met en avant ses comp\u00e9tences naturalistes et ses comp\u00e9tences en tant qu\u2019expert d\u2019am\u00e9nagements en marais puis dans les \u00e9tudes de productivit\u00e9.<\/p>\n<p><strong>Pierrick<\/strong> est \u00e9galement gestionnaire d\u2019un marais de 3 hectares sur la commune de Loix o\u00f9 il pratique l\u2019ostr\u00e9iculture en marais et le grossissement de daurades, la production de gambas et de salicornes.<\/p>\n<\/div><div class=\"modal-footer\"><button class=\"fusion-button button-default button-medium button default medium\" type=\"button\" data-dismiss=\"modal\">Fermer<\/button><\/div><\/div><\/div><\/div><\/div><\/div><div class=\"fusion-layout-column fusion_builder_column fusion-builder-column-4 fusion_builder_column_1_5 1_5 fusion-flex-column fusion-flex-align-self-center\" style=\"--awb-bg-size:cover;--awb-width-large:20%;--awb-margin-top-large:0px;--awb-spacing-right-large:0%;--awb-margin-bottom-large:20px;--awb-spacing-left-large:0px;--awb-width-medium:100%;--awb-order-medium:0;--awb-spacing-right-medium:1.92%;--awb-spacing-left-medium:1.92%;--awb-width-small:100%;--awb-order-small:4;--awb-spacing-right-small:1.92%;--awb-spacing-left-small:1.92%;\"><div class=\"fusion-column-wrapper fusion-column-has-shadow fusion-flex-justify-content-center fusion-content-layout-column\"><div class=\"fusion-text fusion-text-2\" style=\"--awb-margin-right:30px;\"><p><span style=\"color: #548235;\"><strong>DIRECTION DE L\u2019ASSOCIATION<\/strong><\/span><\/p>\n<p>Le Directeur, <strong>Pierrick FRANCOIS<\/strong>, assure la liaison entre le Conseil d\u2019Administration et les diff\u00e9rents services administratifs, techniques, et d\u2019expertise\/ing\u00e9nierie. Il est \u00e9galement le responsable du personnel, responsable des relations ext\u00e9rieures et des suivis de projets.<\/p>\n<\/div><\/div><\/div><div class=\"fusion-layout-column fusion_builder_column fusion-builder-column-5 fusion_builder_column_1_5 1_5 fusion-flex-column\" style=\"--awb-bg-size:cover;--awb-width-large:20%;--awb-margin-top-large:0px;--awb-spacing-right-large:9.6%;--awb-margin-bottom-large:20px;--awb-spacing-left-large:9.6%;--awb-width-medium:100%;--awb-order-medium:0;--awb-spacing-right-medium:1.92%;--awb-spacing-left-medium:1.92%;--awb-width-small:100%;--awb-order-small:5;--awb-spacing-right-small:1.92%;--awb-spacing-left-small:1.92%;\"><div class=\"fusion-column-wrapper fusion-column-has-shadow fusion-flex-justify-content-center fusion-content-layout-row fusion-flex-align-items-center\"><div class=\"fusion-image-element \" style=\"--awb-aspect-ratio: 100 \/ 130;--awb-margin-bottom:10px;--awb-max-width:150px;--awb-caption-title-font-family:var(--h2_typography-font-family);--awb-caption-title-font-weight:var(--h2_typography-font-weight);--awb-caption-title-font-style:var(--h2_typography-font-style);--awb-caption-title-size:var(--h2_typography-font-size);--awb-caption-title-transform:var(--h2_typography-text-transform);--awb-caption-title-line-height:var(--h2_typography-line-height);--awb-caption-title-letter-spacing:var(--h2_typography-letter-spacing);\"><div style=\"display:inline-block;width:150px;\"><span class=\" fusion-imageframe imageframe-none imageframe-2 hover-type-none has-aspect-ratio fusion-animated\" style=\"border-radius:80px;\" data-animationType=\"flipiny\" data-animationDuration=\"0.5\" data-animationOffset=\"bottom-in-view\"><img decoding=\"async\" width=\"936\" height=\"1216\" title=\"Amandine MANACH\" src=\"https:\/\/aema-iledere.fr\/wp-content\/uploads\/2019\/03\/IMG-20231128-WA0010-e1701332238519.jpg\" class=\"img-responsive wp-image-849 img-with-aspect-ratio\" alt srcset=\"https:\/\/aema-iledere.fr\/wp-content\/uploads\/2019\/03\/IMG-20231128-WA0010-e1701332238519-200x260.jpg 200w, https:\/\/aema-iledere.fr\/wp-content\/uploads\/2019\/03\/IMG-20231128-WA0010-e1701332238519-400x520.jpg 400w, https:\/\/aema-iledere.fr\/wp-content\/uploads\/2019\/03\/IMG-20231128-WA0010-e1701332238519-600x779.jpg 600w, https:\/\/aema-iledere.fr\/wp-content\/uploads\/2019\/03\/IMG-20231128-WA0010-e1701332238519-800x1039.jpg 800w, https:\/\/aema-iledere.fr\/wp-content\/uploads\/2019\/03\/IMG-20231128-WA0010-e1701332238519.jpg 936w\" sizes=\"(max-width: 1024px) 100vw, (max-width: 640px) 100vw, 936px\" \/><\/span><\/div><\/div><div ><a class=\"fusion-button button-flat button-small button-default fusion-button-default button-2 fusion-button-default-span fusion-button-default-type\" style=\"--button-border-radius-top-left:5px;--button-border-radius-top-right:5px;--button-border-radius-bottom-right:5px;--button-border-radius-bottom-left:5px;\" target=\"_self\" href=\"#\" data-toggle=\"modal\" data-target=\".fusion-modal.AM\"><span class=\"fusion-button-text\">Amandine MANACH<\/span><\/a><\/div><div class=\"fusion-modal modal fade modal-2 AM\" tabindex=\"-1\" role=\"dialog\" aria-labelledby=\"modal-heading-2\" aria-hidden=\"true\" style=\"--awb-border-color:#ebebeb;--awb-background:#f6f6f6;\"><div class=\"modal-dialog modal-lg\" role=\"document\"><div class=\"modal-content fusion-modal-content\"><div class=\"modal-header\"><button class=\"close\" type=\"button\" data-dismiss=\"modal\" aria-hidden=\"true\" aria-label=\"Fermer\">&times;<\/button><h3 class=\"modal-title\" id=\"modal-heading-2\" data-dismiss=\"modal\" aria-hidden=\"true\">Amandine MANACH<\/h3><\/div><div class=\"modal-body fusion-clearfix\">\n<p><strong>Amandine<\/strong> est assistante administrative depuis 2022, elle a en charge la gestion du personnel, mais aussi la r\u00e9daction des documents administratifs. Personne de contact et sociable, elle met un point d\u2019honneur \u00e0 \u00eatre efficace et accueillante pour les diverses demandes des adh\u00e9rents\u00a0et les exigences de la structure.<\/p>\n<\/div><div class=\"modal-footer\"><button class=\"fusion-button button-default button-medium button default medium\" type=\"button\" data-dismiss=\"modal\">Fermer<\/button><\/div><\/div><\/div><\/div><\/div><\/div><div class=\"fusion-layout-column fusion_builder_column fusion-builder-column-6 fusion_builder_column_1_5 1_5 fusion-flex-column fusion-flex-align-self-center\" style=\"--awb-bg-size:cover;--awb-width-large:20%;--awb-margin-top-large:0px;--awb-spacing-right-large:0%;--awb-margin-bottom-large:20px;--awb-spacing-left-large:0px;--awb-width-medium:100%;--awb-order-medium:0;--awb-spacing-right-medium:1.92%;--awb-spacing-left-medium:1.92%;--awb-width-small:100%;--awb-order-small:6;--awb-spacing-right-small:1.92%;--awb-spacing-left-small:1.92%;\"><div class=\"fusion-column-wrapper fusion-column-has-shadow fusion-flex-justify-content-center fusion-content-layout-column\"><div class=\"fusion-text fusion-text-3\"><p><span style=\"color: #548235;\"><strong>SERVICE ADMINISTRATIF<\/strong><\/span><\/p>\n<p>Le service administratif compos\u00e9 d\u2019<strong>Amandine MANACH<\/strong> joue un r\u00f4le central au sein de l\u2019association puisque son personnel g\u00e8re, l\u2019information, les relations avec les adh\u00e9rents, la r\u00e9partition du travail\u2026<\/p>\n<p>Il facilite les t\u00e2ches quotidiennes et assure la liaison entre les diff\u00e9rents services.<\/p>\n<\/div><\/div><\/div><div class=\"fusion-layout-column fusion_builder_column fusion-builder-column-7 fusion_builder_column_1_5 1_5 fusion-flex-column\" style=\"--awb-bg-size:cover;--awb-width-large:20%;--awb-margin-top-large:0px;--awb-spacing-right-large:9.6%;--awb-margin-bottom-large:20px;--awb-spacing-left-large:9.6%;--awb-width-medium:100%;--awb-order-medium:0;--awb-spacing-right-medium:1.92%;--awb-spacing-left-medium:1.92%;--awb-width-small:100%;--awb-order-small:7;--awb-spacing-right-small:1.92%;--awb-spacing-left-small:1.92%;\"><div class=\"fusion-column-wrapper fusion-column-has-shadow fusion-flex-justify-content-flex-start fusion-content-layout-column\"><\/div><\/div><div class=\"fusion-layout-column fusion_builder_column fusion-builder-column-8 fusion_builder_column_2_3 2_3 fusion-flex-column\" style=\"--awb-padding-right:10%;--awb-bg-size:cover;--awb-width-large:66.666666666667%;--awb-margin-top-large:50px;--awb-spacing-right-large:2.88%;--awb-margin-bottom-large:0px;--awb-spacing-left-large:2.88%;--awb-width-medium:100%;--awb-order-medium:0;--awb-spacing-right-medium:1.92%;--awb-spacing-left-medium:1.92%;--awb-width-small:100%;--awb-order-small:8;--awb-spacing-right-small:1.92%;--awb-spacing-left-small:1.92%;\"><div class=\"fusion-column-wrapper fusion-column-has-shadow fusion-flex-justify-content-center fusion-content-layout-row\"><div class=\"fusion-text fusion-text-4\" style=\"--awb-margin-right:30px;\"><p><span style=\"color: #548235;\"><strong>SERVICE TECHNIQUE<\/strong><\/span><\/p>\n<p>Le service technique est compos\u00e9 de <strong>Maxime BOUGEOIS, <\/strong>pelleteur et responsable de l\u2019atelier et du p\u00f4le technique puis de deux techniciens pelleteurs, <strong>Bastien GUIBERTEAU<\/strong> et <strong>Christian BRITEAU<\/strong>.<\/p>\n<p>Les techniciens sont charg\u00e9s du contact avec les adh\u00e9rents et r\u00e9alisent les diff\u00e9rents travaux d\u2019entretien et de restauration dans les marais.<\/p>\n<p>Gr\u00e2ce \u00e0 leurs comp\u00e9tences et leurs sp\u00e9cialit\u00e9s, ils sont charg\u00e9s de r\u00e9aliser l\u2019ensemble des travaux en marais, \u00e0 l\u2019aide de diff\u00e9rents engins m\u00e9caniques sp\u00e9cifiques aux diff\u00e9rentes contraintes du marais et exigences des porteurs de projets.<\/p>\n<\/div><\/div><\/div><div class=\"fusion-layout-column fusion_builder_column fusion-builder-column-9 fusion_builder_column_1_5 1_5 fusion-flex-column\" style=\"--awb-bg-size:cover;--awb-width-large:20%;--awb-margin-top-large:0px;--awb-spacing-right-large:9.6%;--awb-margin-bottom-large:20px;--awb-spacing-left-large:9.6%;--awb-width-medium:100%;--awb-order-medium:0;--awb-spacing-right-medium:1.92%;--awb-spacing-left-medium:1.92%;--awb-width-small:66.666666666667%;--awb-order-small:9;--awb-spacing-right-small:2.88%;--awb-spacing-left-small:2.88%;\"><div class=\"fusion-column-wrapper fusion-column-has-shadow fusion-flex-justify-content-flex-start fusion-content-layout-column\"><div class=\"fusion-image-element \" style=\"--awb-aspect-ratio: 100 \/ 130;--awb-margin-top:20px;--awb-max-width:150px;--awb-caption-title-font-family:var(--h2_typography-font-family);--awb-caption-title-font-weight:var(--h2_typography-font-weight);--awb-caption-title-font-style:var(--h2_typography-font-style);--awb-caption-title-size:var(--h2_typography-font-size);--awb-caption-title-transform:var(--h2_typography-text-transform);--awb-caption-title-line-height:var(--h2_typography-line-height);--awb-caption-title-letter-spacing:var(--h2_typography-letter-spacing);\"><div style=\"display:inline-block;width:150px;\"><span class=\" fusion-imageframe imageframe-none imageframe-3 hover-type-none has-aspect-ratio fusion-animated\" style=\"border-radius:80px;\" data-animationType=\"flipiny\" data-animationDuration=\"0.3\" data-animationOffset=\"bottom-in-view\"><img decoding=\"async\" width=\"1312\" height=\"1529\" title=\"Maxime BOUGEOIS\" src=\"https:\/\/aema-iledere.fr\/wp-content\/uploads\/2019\/03\/20231130_115253-scaled-e1701343608348.jpg\" class=\"img-responsive wp-image-877 img-with-aspect-ratio\" alt srcset=\"https:\/\/aema-iledere.fr\/wp-content\/uploads\/2019\/03\/20231130_115253-scaled-e1701343608348-200x233.jpg 200w, https:\/\/aema-iledere.fr\/wp-content\/uploads\/2019\/03\/20231130_115253-scaled-e1701343608348-400x466.jpg 400w, https:\/\/aema-iledere.fr\/wp-content\/uploads\/2019\/03\/20231130_115253-scaled-e1701343608348-600x699.jpg 600w, https:\/\/aema-iledere.fr\/wp-content\/uploads\/2019\/03\/20231130_115253-scaled-e1701343608348-800x932.jpg 800w, https:\/\/aema-iledere.fr\/wp-content\/uploads\/2019\/03\/20231130_115253-scaled-e1701343608348-1200x1398.jpg 1200w, https:\/\/aema-iledere.fr\/wp-content\/uploads\/2019\/03\/20231130_115253-scaled-e1701343608348.jpg 1312w\" sizes=\"(max-width: 1024px) 100vw, (max-width: 640px) 100vw, 1312px\" \/><\/span><\/div><\/div><div class=\"fusion-modal modal fade modal-3 MB\" tabindex=\"-1\" role=\"dialog\" aria-labelledby=\"modal-heading-3\" aria-hidden=\"true\" style=\"--awb-border-color:#ebebeb;--awb-background:#f6f6f6;\"><div class=\"modal-dialog modal-lg\" role=\"document\"><div class=\"modal-content fusion-modal-content\"><div class=\"modal-header\"><button class=\"close\" type=\"button\" data-dismiss=\"modal\" aria-hidden=\"true\" aria-label=\"Fermer\">&times;<\/button><h3 class=\"modal-title\" id=\"modal-heading-3\" data-dismiss=\"modal\" aria-hidden=\"true\">Maxime BOUGEOIS<\/h3><\/div><div class=\"modal-body fusion-clearfix\">\n<p><strong>Maxime<\/strong> est pelleteur et chauffeur poids lourds \u00e0 l\u2019AEMA depuis 2013, ann\u00e9e o\u00f9 il int\u00e9gra l\u2019\u00e9quipe technique en alternance. Maxime poss\u00e8de une riche exp\u00e9rience du marais et demeure aujourd\u2019hui parfaitement ind\u00e9pendant dans la r\u00e9alisation des chantiers qu\u2019il entreprend. Son exp\u00e9rience dans la conduite d\u2019engins et notamment de pelleteuses lui ont permis d\u2019acqu\u00e9rir de grandes prouesses techniques.<\/p>\n<p>Outre son activit\u00e9 professionnelle, <strong>Maxime<\/strong> poss\u00e8de un marais salicole qu\u2019il exploite sur la Commune de Saint-Cl\u00e9ment-des-Baleines. A titre r\u00e9cr\u00e9atif, <strong>Maxime<\/strong> est \u00e9galement producteur d\u2019hu\u00eetres et de gambas.<\/p>\n<\/div><div class=\"modal-footer\"><button class=\"fusion-button button-default button-medium button default medium\" type=\"button\" data-dismiss=\"modal\">Fermer<\/button><\/div><\/div><\/div><\/div><div ><a class=\"fusion-button button-flat button-small button-default fusion-button-default button-3 fusion-button-default-span fusion-button-default-type\" style=\"--button-border-radius-top-left:5px;--button-border-radius-top-right:5px;--button-border-radius-bottom-right:5px;--button-border-radius-bottom-left:5px;\" target=\"_self\" href=\"#\" data-toggle=\"modal\" data-target=\".fusion-modal.MB\"><span class=\"fusion-button-text\">Maxime BOUGEOIS<\/span><\/a><\/div><div class=\"fusion-image-element \" style=\"--awb-aspect-ratio: 100 \/ 130;--awb-margin-top:20px;--awb-max-width:150px;--awb-caption-title-font-family:var(--h2_typography-font-family);--awb-caption-title-font-weight:var(--h2_typography-font-weight);--awb-caption-title-font-style:var(--h2_typography-font-style);--awb-caption-title-size:var(--h2_typography-font-size);--awb-caption-title-transform:var(--h2_typography-text-transform);--awb-caption-title-line-height:var(--h2_typography-line-height);--awb-caption-title-letter-spacing:var(--h2_typography-letter-spacing);\"><div style=\"display:inline-block;width:150px;\"><span class=\" fusion-imageframe imageframe-none imageframe-4 hover-type-none has-aspect-ratio fusion-animated\" style=\"border-radius:80px;\" data-animationType=\"flipiny\" data-animationDuration=\"0.3\" data-animationDelay=\"0.2\" data-animationOffset=\"bottom-in-view\"><img decoding=\"async\" width=\"1439\" height=\"1735\" title=\"Bastien GUILBERTEAU\" src=\"https:\/\/aema-iledere.fr\/wp-content\/uploads\/2019\/03\/20231130_114005-scaled-e1701343549906.jpg\" class=\"img-responsive wp-image-876 img-with-aspect-ratio\" alt srcset=\"https:\/\/aema-iledere.fr\/wp-content\/uploads\/2019\/03\/20231130_114005-scaled-e1701343549906-200x241.jpg 200w, https:\/\/aema-iledere.fr\/wp-content\/uploads\/2019\/03\/20231130_114005-scaled-e1701343549906-400x482.jpg 400w, https:\/\/aema-iledere.fr\/wp-content\/uploads\/2019\/03\/20231130_114005-scaled-e1701343549906-600x723.jpg 600w, https:\/\/aema-iledere.fr\/wp-content\/uploads\/2019\/03\/20231130_114005-scaled-e1701343549906-800x965.jpg 800w, https:\/\/aema-iledere.fr\/wp-content\/uploads\/2019\/03\/20231130_114005-scaled-e1701343549906-1200x1447.jpg 1200w, https:\/\/aema-iledere.fr\/wp-content\/uploads\/2019\/03\/20231130_114005-scaled-e1701343549906.jpg 1439w\" sizes=\"(max-width: 1024px) 100vw, (max-width: 640px) 100vw, 1439px\" \/><\/span><\/div><\/div><div ><a class=\"fusion-button button-flat button-small button-default fusion-button-default button-4 fusion-button-default-span fusion-button-default-type\" style=\"--button-border-radius-top-left:5px;--button-border-radius-top-right:5px;--button-border-radius-bottom-right:5px;--button-border-radius-bottom-left:5px;\" target=\"_self\" href=\"#\" data-toggle=\"modal\" data-target=\".fusion-modal.BG\"><span class=\"fusion-button-text\">Bastien GUIBERTEAU<\/span><\/a><\/div><div class=\"fusion-modal modal fade modal-4 BG\" tabindex=\"-1\" role=\"dialog\" aria-labelledby=\"modal-heading-4\" aria-hidden=\"true\" style=\"--awb-border-color:#ebebeb;--awb-background:#f6f6f6;\"><div class=\"modal-dialog modal-lg\" role=\"document\"><div class=\"modal-content fusion-modal-content\"><div class=\"modal-header\"><button class=\"close\" type=\"button\" data-dismiss=\"modal\" aria-hidden=\"true\" aria-label=\"Fermer\">&times;<\/button><h3 class=\"modal-title\" id=\"modal-heading-4\" data-dismiss=\"modal\" aria-hidden=\"true\">Bastien GUILBERTEAU<\/h3><\/div><div class=\"modal-body fusion-clearfix\">\n<p><strong>Bastien<\/strong> a int\u00e9gr\u00e9 l\u2019\u00e9quipe de l\u2019AEMA durant l\u2019\u00e9t\u00e9 2019 en tant que pelleteur. Outre sa riche connaissance du marais, notre cher Flottais \u00e0 lui aussi d\u00e9velopper dans la conduite d\u2019engins et notamment de pelleteuses, une technique bien affirm\u00e9e.<\/p>\n<p><strong>Bastien<\/strong> est producteur d\u2019hu\u00eetres et de daurades pour son plaisir personnel.<\/p>\n<\/div><div class=\"modal-footer\"><button class=\"fusion-button button-default button-medium button default medium\" type=\"button\" data-dismiss=\"modal\">Fermer<\/button><\/div><\/div><\/div><\/div><\/div><\/div><div class=\"fusion-layout-column fusion_builder_column fusion-builder-column-10 fusion_builder_column_1_5 1_5 fusion-flex-column fusion-flex-align-self-center\" style=\"--awb-bg-size:cover;--awb-width-large:20%;--awb-margin-top-large:70px;--awb-spacing-right-large:9.6%;--awb-margin-bottom-large:70px;--awb-spacing-left-large:9.6%;--awb-width-medium:100%;--awb-order-medium:0;--awb-spacing-right-medium:1.92%;--awb-spacing-left-medium:1.92%;--awb-width-small:66.666666666667%;--awb-order-small:10;--awb-spacing-right-small:2.88%;--awb-spacing-left-small:2.88%;\"><div class=\"fusion-column-wrapper fusion-column-has-shadow fusion-flex-justify-content-center fusion-content-layout-row fusion-flex-align-items-center\"><div class=\"fusion-image-element \" style=\"--awb-aspect-ratio: 100 \/ 130;--awb-margin-bottom:10px;--awb-max-width:150px;--awb-caption-title-font-family:var(--h2_typography-font-family);--awb-caption-title-font-weight:var(--h2_typography-font-weight);--awb-caption-title-font-style:var(--h2_typography-font-style);--awb-caption-title-size:var(--h2_typography-font-size);--awb-caption-title-transform:var(--h2_typography-text-transform);--awb-caption-title-line-height:var(--h2_typography-line-height);--awb-caption-title-letter-spacing:var(--h2_typography-letter-spacing);\"><div style=\"display:inline-block;width:150px;\"><span class=\" fusion-imageframe imageframe-none imageframe-5 hover-type-none has-aspect-ratio fusion-animated\" style=\"border-radius:80px;\" data-animationType=\"flipiny\" data-animationDuration=\"0.3\" data-animationOffset=\"bottom-in-view\"><img decoding=\"async\" width=\"938\" height=\"970\" title=\"Cl\u00e9ment ROUSSEAU\" src=\"https:\/\/aema-iledere.fr\/wp-content\/uploads\/2019\/03\/IMG_20231221_204956-e1704702845865.jpg\" class=\"img-responsive wp-image-1064 img-with-aspect-ratio\" alt srcset=\"https:\/\/aema-iledere.fr\/wp-content\/uploads\/2019\/03\/IMG_20231221_204956-e1704702845865-200x207.jpg 200w, https:\/\/aema-iledere.fr\/wp-content\/uploads\/2019\/03\/IMG_20231221_204956-e1704702845865-400x414.jpg 400w, https:\/\/aema-iledere.fr\/wp-content\/uploads\/2019\/03\/IMG_20231221_204956-e1704702845865-600x620.jpg 600w, https:\/\/aema-iledere.fr\/wp-content\/uploads\/2019\/03\/IMG_20231221_204956-e1704702845865-800x827.jpg 800w, https:\/\/aema-iledere.fr\/wp-content\/uploads\/2019\/03\/IMG_20231221_204956-e1704702845865.jpg 938w\" sizes=\"(max-width: 1024px) 100vw, (max-width: 640px) 100vw, 938px\" \/><\/span><\/div><\/div><div ><a class=\"fusion-button button-flat button-small button-default fusion-button-default button-5 fusion-button-default-span fusion-button-default-type\" style=\"--button-border-radius-top-left:5px;--button-border-radius-top-right:5px;--button-border-radius-bottom-right:5px;--button-border-radius-bottom-left:5px;\" target=\"_self\" href=\"#\" data-toggle=\"modal\" data-target=\".fusion-modal.CR\"><span class=\"fusion-button-text\">Cl\u00e9ment ROUSSEAU<\/span><\/a><\/div><div class=\"fusion-modal modal fade modal-5 CR\" tabindex=\"-1\" role=\"dialog\" aria-labelledby=\"modal-heading-5\" aria-hidden=\"true\" style=\"--awb-border-color:#ebebeb;--awb-background:#f6f6f6;\"><div class=\"modal-dialog modal-lg\" role=\"document\"><div class=\"modal-content fusion-modal-content\"><div class=\"modal-header\"><button class=\"close\" type=\"button\" data-dismiss=\"modal\" aria-hidden=\"true\" aria-label=\"Fermer\">&times;<\/button><h3 class=\"modal-title\" id=\"modal-heading-5\" data-dismiss=\"modal\" aria-hidden=\"true\">Cl\u00e9ment ROUSSEAU<\/h3><\/div><div class=\"modal-body fusion-clearfix\">\n<p><strong>Cl\u00e9ment<\/strong> est charg\u00e9 de mission zone humide \u00e0 l\u2019AEMA depuis 2021. Titulaire d\u2019un master sp\u00e9cialis\u00e9 dans la gestion de l\u2019environnement et de l\u2019\u00e9cologie du littorale, il est sp\u00e9cialis\u00e9 en marais (zone humide d\u2019eau douce et d\u2019eau sal\u00e9e). Son cursus \u00e0 la fois scientifique et de terrain lui ont permis d\u2019acqu\u00e9rir de multiples comp\u00e9tences dans l\u2019analyse de donn\u00e9es scientifiques, dans la connaissance de la biodiversit\u00e9 des zones humides et dans les projets d\u2019am\u00e9nagements et de gestion de ces zones humides.<\/p>\n<p>Passionn\u00e9 d\u2019ornithologie et d\u2019am\u00e9nagement sur les zones humides, il est d\u2019un grand soutien pour l\u2019AEMA. <strong>Cl\u00e9ment<\/strong> est lui aussi producteur d\u2019hu\u00eetres \u00e0 des fins r\u00e9cr\u00e9atives.<\/p>\n<\/div><div class=\"modal-footer\"><button class=\"fusion-button button-default button-medium button default medium\" type=\"button\" data-dismiss=\"modal\">Fermer<\/button><\/div><\/div><\/div><\/div><div class=\"fusion-image-element \" style=\"--awb-aspect-ratio: 100 \/ 130;--awb-margin-top:20px;--awb-margin-bottom:10px;--awb-max-width:150px;--awb-caption-title-font-family:var(--h2_typography-font-family);--awb-caption-title-font-weight:var(--h2_typography-font-weight);--awb-caption-title-font-style:var(--h2_typography-font-style);--awb-caption-title-size:var(--h2_typography-font-size);--awb-caption-title-transform:var(--h2_typography-text-transform);--awb-caption-title-line-height:var(--h2_typography-line-height);--awb-caption-title-letter-spacing:var(--h2_typography-letter-spacing);\"><div style=\"display:inline-block;width:150px;\"><span class=\" fusion-imageframe imageframe-none imageframe-6 hover-type-none has-aspect-ratio fusion-animated\" style=\"border-radius:80px;\" data-animationType=\"flipiny\" data-animationDuration=\"0.5\" data-animationOffset=\"bottom-in-view\"><img decoding=\"async\" width=\"1857\" height=\"2095\" title=\"Christian BRITEAU\" src=\"https:\/\/aema-iledere.fr\/wp-content\/uploads\/2019\/03\/Photo_christian-e1701776255226.png\" class=\"img-responsive wp-image-830 img-with-aspect-ratio\" alt srcset=\"https:\/\/aema-iledere.fr\/wp-content\/uploads\/2019\/03\/Photo_christian-e1701776255226-200x226.png 200w, https:\/\/aema-iledere.fr\/wp-content\/uploads\/2019\/03\/Photo_christian-e1701776255226-400x451.png 400w, https:\/\/aema-iledere.fr\/wp-content\/uploads\/2019\/03\/Photo_christian-e1701776255226-600x677.png 600w, https:\/\/aema-iledere.fr\/wp-content\/uploads\/2019\/03\/Photo_christian-e1701776255226-800x903.png 800w, https:\/\/aema-iledere.fr\/wp-content\/uploads\/2019\/03\/Photo_christian-e1701776255226-1200x1354.png 1200w, https:\/\/aema-iledere.fr\/wp-content\/uploads\/2019\/03\/Photo_christian-e1701776255226.png 1857w\" sizes=\"(max-width: 1024px) 100vw, (max-width: 640px) 100vw, 1857px\" \/><\/span><\/div><\/div><div ><a class=\"fusion-button button-flat button-small button-default fusion-button-default button-6 fusion-button-default-span fusion-button-default-type\" style=\"--button-border-radius-top-left:5px;--button-border-radius-top-right:5px;--button-border-radius-bottom-right:5px;--button-border-radius-bottom-left:5px;\" target=\"_self\" href=\"#\" data-toggle=\"modal\" data-target=\".fusion-modal.CB\"><span class=\"fusion-button-text\">Christian BRITEAU<\/span><\/a><\/div><div class=\"fusion-modal modal fade modal-6 CB\" tabindex=\"-1\" role=\"dialog\" aria-labelledby=\"modal-heading-6\" aria-hidden=\"true\" style=\"--awb-border-color:#ebebeb;--awb-background:#f6f6f6;\"><div class=\"modal-dialog modal-lg\" role=\"document\"><div class=\"modal-content fusion-modal-content\"><div class=\"modal-header\"><button class=\"close\" type=\"button\" data-dismiss=\"modal\" aria-hidden=\"true\" aria-label=\"Fermer\">&times;<\/button><h3 class=\"modal-title\" id=\"modal-heading-6\" data-dismiss=\"modal\" aria-hidden=\"true\">Christian BRITEAU<\/h3><\/div><div class=\"modal-body fusion-clearfix\"><strong>Christian<\/strong> est charg\u00e9 de mission Esp\u00e8ces Exotiques Envahissantes (E.E.E.) \u00e0 l\u2019AEMA depuis mars 2023. Titulaire d\u2019un BTSA en Gestion et Protection de la Nature, il est sp\u00e9cialis\u00e9 dans la gestion des esp\u00e8ces exotiques envahissantes. Sa facilit\u00e9, \u00e0 utiliser l\u2019informatique lui permet d\u2019\u00e9laborer des inventaires pr\u00e9cis, sous la forme d\u2019une carte, \u00e0 l\u2019aide du logiciel Qgis et de l\u2019application Qfeild. Suite \u00e0 cette inventaire, il s&rsquo;occupe de l&rsquo;arrachage avec la pelleteuse.<\/p>\n<p>Passionn\u00e9 de nature et de biodiversit\u00e9, <strong>Christian<\/strong> est \u00e9galement producteur d\u2019hu\u00eetres \u00e0 des fins r\u00e9cr\u00e9atives.<\/div><div class=\"modal-footer\"><button class=\"fusion-button button-default button-medium button default medium\" type=\"button\" data-dismiss=\"modal\">Fermer<\/button><\/div><\/div><\/div><\/div><\/div><\/div><div class=\"fusion-layout-column fusion_builder_column fusion-builder-column-11 fusion_builder_column_2_3 2_3 fusion-flex-column\" style=\"--awb-padding-right:40%;--awb-bg-size:cover;--awb-width-large:66.666666666667%;--awb-margin-top-large:50px;--awb-spacing-right-large:2.88%;--awb-margin-bottom-large:20px;--awb-spacing-left-large:2.88%;--awb-width-medium:100%;--awb-order-medium:0;--awb-spacing-right-medium:1.92%;--awb-spacing-left-medium:1.92%;--awb-width-small:100%;--awb-order-small:11;--awb-spacing-right-small:1.92%;--awb-spacing-left-small:1.92%;\"><div class=\"fusion-column-wrapper fusion-column-has-shadow fusion-flex-justify-content-flex-start fusion-content-layout-row\"><div class=\"fusion-text fusion-text-5\" style=\"--awb-margin-right:30px;\"><p><span style=\"color: #548235;\"><strong>SERVICE D\u2019EXPERTISES ENVIRONNEMENTALES ET D\u2019\u00c9TUDES D\u2019ING\u00c9NIERIES<\/strong><\/span><\/p>\n<p>Ce service est compos\u00e9 de <strong>Cl\u00e9ment ROUSSEAU<\/strong>, responsable du p\u00f4le d\u2019expertise et ing\u00e9nierie charg\u00e9 de missions responsable des expertises environnementales et des \u00e9tudes d\u2019ing\u00e9nierie, et de <strong>Christian BRITEAU<\/strong>, technicien sp\u00e9cialis\u00e9 sur les esp\u00e8ces exotiques envahissantes et pelleteur.<\/p>\n<p>Le service met en \u0153uvre la politique environnementale d\u00e9finie par le conseil d\u2019administration. Quotidiennement, il r\u00e9ceptionne les projets des adh\u00e9rents, collectivit\u00e9s, ONG, des partenaires en France ou \u00e0 l\u2019\u00e9tranger\u2026 afin d\u2019analyser les diff\u00e9rentes probl\u00e9matiques li\u00e9es \u00e0 l\u2019environnement pour ainsi d\u00e9finir des projets de gestion et d\u2019am\u00e9nagements permettant de concilier les activit\u00e9s \u00e9conomiques et la protection de la biodiversit\u00e9.<\/p>\n<p>Ce service offre une multitude de conseils sur la gestion des \u00e9cosyst\u00e8mes et les travaux en marais. Par l\u2019interm\u00e9diaire des diff\u00e9rents rapports d\u2019\u00e9tudes, ce service sensibilise \u00e9galement les porteurs de projet sur le d\u00e9veloppement d\u2019activit\u00e9s \u00e9conomiques et la pr\u00e9servation des richesses \u00e9cologiques des zones humides.<\/p>\n<\/div><\/div><\/div><\/div><\/div>\n","protected":false},"excerpt":{"rendered":"","protected":false},"author":1,"featured_media":0,"parent":0,"menu_order":0,"comment_status":"closed","ping_status":"closed","template":"","meta":{"footnotes":""},"folder":[26],"class_list":["post-1425","page","type-page","status-publish","hentry"],"yoast_head":"<!-- This site is optimized with the Yoast SEO plugin v24.2 - https:\/\/yoast.com\/wordpress\/plugins\/seo\/ -->\n<title>Les salari\u00e9s - AEMA<\/title>\n<meta name=\"robots\" content=\"index, follow, max-snippet:-1, max-image-preview:large, max-video-preview:-1\" \/>\n<link rel=\"canonical\" href=\"https:\/\/aema-iledere.fr\/index.php\/les-salaries\/\" \/>\n<meta property=\"og:locale\" content=\"fr_FR\" \/>\n<meta property=\"og:type\" content=\"article\" \/>\n<meta property=\"og:title\" content=\"Les salari\u00e9s - AEMA\" \/>\n<meta property=\"og:url\" content=\"https:\/\/aema-iledere.fr\/index.php\/les-salaries\/\" \/>\n<meta property=\"og:site_name\" content=\"AEMA\" \/>\n<meta property=\"article:publisher\" content=\"https:\/\/www.facebook.com\/aema.aema.9041\" \/>\n<meta property=\"article:modified_time\" content=\"2024-09-13T06:43:46+00:00\" \/>\n<meta name=\"twitter:card\" content=\"summary_large_image\" \/>\n<meta name=\"twitter:label1\" content=\"Dur\u00e9e de lecture estim\u00e9e\" \/>\n\t<meta name=\"twitter:data1\" content=\"7 minutes\" \/>\n<script type=\"application\/ld+json\" class=\"yoast-schema-graph\">{\"@context\":\"https:\/\/schema.org\",\"@graph\":[{\"@type\":\"WebPage\",\"@id\":\"https:\/\/aema-iledere.fr\/index.php\/les-salaries\/\",\"url\":\"https:\/\/aema-iledere.fr\/index.php\/les-salaries\/\",\"name\":\"Les salari\u00e9s - AEMA\",\"isPartOf\":{\"@id\":\"https:\/\/aema-iledere.fr\/#website\"},\"datePublished\":\"2024-02-26T11:20:07+00:00\",\"dateModified\":\"2024-09-13T06:43:46+00:00\",\"breadcrumb\":{\"@id\":\"https:\/\/aema-iledere.fr\/index.php\/les-salaries\/#breadcrumb\"},\"inLanguage\":\"fr-FR\",\"potentialAction\":[{\"@type\":\"ReadAction\",\"target\":[\"https:\/\/aema-iledere.fr\/index.php\/les-salaries\/\"]}]},{\"@type\":\"BreadcrumbList\",\"@id\":\"https:\/\/aema-iledere.fr\/index.php\/les-salaries\/#breadcrumb\",\"itemListElement\":[{\"@type\":\"ListItem\",\"position\":1,\"name\":\"Accueil\",\"item\":\"https:\/\/aema-iledere.fr\/\"},{\"@type\":\"ListItem\",\"position\":2,\"name\":\"Les salari\u00e9s\"}]},{\"@type\":\"WebSite\",\"@id\":\"https:\/\/aema-iledere.fr\/#website\",\"url\":\"https:\/\/aema-iledere.fr\/\",\"name\":\"AEMA\",\"description\":\"Association des Etangs et Marais de l\u2019Ile de R\u00e9\",\"publisher\":{\"@id\":\"https:\/\/aema-iledere.fr\/#organization\"},\"potentialAction\":[{\"@type\":\"SearchAction\",\"target\":{\"@type\":\"EntryPoint\",\"urlTemplate\":\"https:\/\/aema-iledere.fr\/?s={search_term_string}\"},\"query-input\":{\"@type\":\"PropertyValueSpecification\",\"valueRequired\":true,\"valueName\":\"search_term_string\"}}],\"inLanguage\":\"fr-FR\"},{\"@type\":\"Organization\",\"@id\":\"https:\/\/aema-iledere.fr\/#organization\",\"name\":\"AEMA\",\"url\":\"https:\/\/aema-iledere.fr\/\",\"logo\":{\"@type\":\"ImageObject\",\"inLanguage\":\"fr-FR\",\"@id\":\"https:\/\/aema-iledere.fr\/#\/schema\/logo\/image\/\",\"url\":\"https:\/\/aema-iledere.fr\/wp-content\/uploads\/2019\/03\/logo-aema.png\",\"contentUrl\":\"https:\/\/aema-iledere.fr\/wp-content\/uploads\/2019\/03\/logo-aema.png\",\"width\":377,\"height\":238,\"caption\":\"AEMA\"},\"image\":{\"@id\":\"https:\/\/aema-iledere.fr\/#\/schema\/logo\/image\/\"},\"sameAs\":[\"https:\/\/www.facebook.com\/aema.aema.9041\"]}]}<\/script>\n<!-- \/ Yoast SEO plugin. -->","yoast_head_json":{"title":"Les salari\u00e9s - AEMA","robots":{"index":"index","follow":"follow","max-snippet":"max-snippet:-1","max-image-preview":"max-image-preview:large","max-video-preview":"max-video-preview:-1"},"canonical":"https:\/\/aema-iledere.fr\/index.php\/les-salaries\/","og_locale":"fr_FR","og_type":"article","og_title":"Les salari\u00e9s - AEMA","og_url":"https:\/\/aema-iledere.fr\/index.php\/les-salaries\/","og_site_name":"AEMA","article_publisher":"https:\/\/www.facebook.com\/aema.aema.9041","article_modified_time":"2024-09-13T06:43:46+00:00","twitter_card":"summary_large_image","twitter_misc":{"Dur\u00e9e de lecture estim\u00e9e":"7 minutes"},"schema":{"@context":"https:\/\/schema.org","@graph":[{"@type":"WebPage","@id":"https:\/\/aema-iledere.fr\/index.php\/les-salaries\/","url":"https:\/\/aema-iledere.fr\/index.php\/les-salaries\/","name":"Les salari\u00e9s - AEMA","isPartOf":{"@id":"https:\/\/aema-iledere.fr\/#website"},"datePublished":"2024-02-26T11:20:07+00:00","dateModified":"2024-09-13T06:43:46+00:00","breadcrumb":{"@id":"https:\/\/aema-iledere.fr\/index.php\/les-salaries\/#breadcrumb"},"inLanguage":"fr-FR","potentialAction":[{"@type":"ReadAction","target":["https:\/\/aema-iledere.fr\/index.php\/les-salaries\/"]}]},{"@type":"BreadcrumbList","@id":"https:\/\/aema-iledere.fr\/index.php\/les-salaries\/#breadcrumb","itemListElement":[{"@type":"ListItem","position":1,"name":"Accueil","item":"https:\/\/aema-iledere.fr\/"},{"@type":"ListItem","position":2,"name":"Les salari\u00e9s"}]},{"@type":"WebSite","@id":"https:\/\/aema-iledere.fr\/#website","url":"https:\/\/aema-iledere.fr\/","name":"AEMA","description":"Association des Etangs et Marais de l\u2019Ile de R\u00e9","publisher":{"@id":"https:\/\/aema-iledere.fr\/#organization"},"potentialAction":[{"@type":"SearchAction","target":{"@type":"EntryPoint","urlTemplate":"https:\/\/aema-iledere.fr\/?s={search_term_string}"},"query-input":{"@type":"PropertyValueSpecification","valueRequired":true,"valueName":"search_term_string"}}],"inLanguage":"fr-FR"},{"@type":"Organization","@id":"https:\/\/aema-iledere.fr\/#organization","name":"AEMA","url":"https:\/\/aema-iledere.fr\/","logo":{"@type":"ImageObject","inLanguage":"fr-FR","@id":"https:\/\/aema-iledere.fr\/#\/schema\/logo\/image\/","url":"https:\/\/aema-iledere.fr\/wp-content\/uploads\/2019\/03\/logo-aema.png","contentUrl":"https:\/\/aema-iledere.fr\/wp-content\/uploads\/2019\/03\/logo-aema.png","width":377,"height":238,"caption":"AEMA"},"image":{"@id":"https:\/\/aema-iledere.fr\/#\/schema\/logo\/image\/"},"sameAs":["https:\/\/www.facebook.com\/aema.aema.9041"]}]}},"_links":{"self":[{"href":"https:\/\/aema-iledere.fr\/index.php\/wp-json\/wp\/v2\/pages\/1425","targetHints":{"allow":["GET"]}}],"collection":[{"href":"https:\/\/aema-iledere.fr\/index.php\/wp-json\/wp\/v2\/pages"}],"about":[{"href":"https:\/\/aema-iledere.fr\/index.php\/wp-json\/wp\/v2\/types\/page"}],"author":[{"embeddable":true,"href":"https:\/\/aema-iledere.fr\/index.php\/wp-json\/wp\/v2\/users\/1"}],"replies":[{"embeddable":true,"href":"https:\/\/aema-iledere.fr\/index.php\/wp-json\/wp\/v2\/comments?post=1425"}],"version-history":[{"count":56,"href":"https:\/\/aema-iledere.fr\/index.php\/wp-json\/wp\/v2\/pages\/1425\/revisions"}],"predecessor-version":[{"id":1955,"href":"https:\/\/aema-iledere.fr\/index.php\/wp-json\/wp\/v2\/pages\/1425\/revisions\/1955"}],"wp:attachment":[{"href":"https:\/\/aema-iledere.fr\/index.php\/wp-json\/wp\/v2\/media?parent=1425"}],"wp:term":[{"taxonomy":"folder","embeddable":true,"href":"https:\/\/aema-iledere.fr\/index.php\/wp-json\/wp\/v2\/folder?post=1425"}],"curies":[{"name":"wp","href":"https:\/\/api.w.org\/{rel}","templated":true}]}}