{"id":1913,"date":"2024-04-18T15:42:49","date_gmt":"2024-04-18T13:42:49","guid":{"rendered":"https:\/\/aema-iledere.fr\/?page_id=1913"},"modified":"2024-04-18T15:53:48","modified_gmt":"2024-04-18T13:53:48","slug":"la-cooperation-internationale","status":"publish","type":"page","link":"https:\/\/aema-iledere.fr\/index.php\/la-cooperation-internationale\/","title":{"rendered":"La coop\u00e9ration internationale"},"content":{"rendered":"<div class=\"fusion-fullwidth fullwidth-box fusion-builder-row-1 fusion-flex-container has-pattern-background has-mask-background nonhundred-percent-fullwidth non-hundred-percent-height-scrolling\" style=\"--awb-border-radius-top-left:0px;--awb-border-radius-top-right:0px;--awb-border-radius-bottom-right:0px;--awb-border-radius-bottom-left:0px;--awb-flex-wrap:wrap;\" ><div class=\"fusion-builder-row fusion-row fusion-flex-align-items-flex-start fusion-flex-content-wrap\" style=\"max-width:1144px;margin-left: calc(-4% \/ 2 );margin-right: calc(-4% \/ 2 );\"><div class=\"fusion-layout-column fusion_builder_column fusion-builder-column-0 fusion_builder_column_1_1 1_1 fusion-flex-column\" style=\"--awb-bg-size:cover;--awb-width-large:100%;--awb-margin-top-large:0px;--awb-spacing-right-large:1.92%;--awb-margin-bottom-large:20px;--awb-spacing-left-large:1.92%;--awb-width-medium:100%;--awb-order-medium:0;--awb-spacing-right-medium:1.92%;--awb-spacing-left-medium:1.92%;--awb-width-small:100%;--awb-order-small:0;--awb-spacing-right-small:1.92%;--awb-spacing-left-small:1.92%;\"><div class=\"fusion-column-wrapper fusion-column-has-shadow fusion-flex-justify-content-flex-start fusion-content-layout-column\"><div class=\"fusion-title title fusion-title-1 fusion-sep-none fusion-title-text fusion-title-size-one\"><h1 class=\"fusion-title-heading title-heading-left\" style=\"margin:0;\"><p><strong>LA COOP\u00c9RATION INTERNATIONALE<br \/>\n<\/strong><\/p><\/h1><\/div><div class=\"fusion-separator\" style=\"align-self: flex-start;margin-right:auto;margin-bottom:30px;width:100%;max-width:250px;\"><div class=\"fusion-separator-border sep-single sep-solid\" style=\"--awb-height:20px;--awb-amount:20px;--awb-sep-color:#548235;border-color:#548235;border-top-width:5px;\"><\/div><\/div><div class=\"fusion-text fusion-text-1 fusion-text-no-margin\" style=\"--awb-margin-bottom:50px;\"><p>Depuis plusieurs ann\u00e9es, <strong>l\u2019AEMA est sollicit\u00e9 pour r\u00e9aliser des missions d\u2019expertises ou des \u00e9tudes d\u2019ing\u00e9nierie \u00e0 l\u2019\u00e9tranger.<\/strong> Nous intervenons aupr\u00e8s de tous types de partenaires dans le cadre de projet de <strong>d\u00e9veloppement d\u2019activit\u00e9 \u00e9conomique li\u00e9es aux zones humides ou pour \u0153uvrer \u00e0 des missions de gestion et pr\u00e9servation de la biodiversit\u00e9.<\/strong><\/p>\n<p><strong>Sp\u00e9cialis\u00e9e dans les \u00e9cosyst\u00e8mes des climats temp\u00e9r\u00e9s et tropicaux<\/strong>, l\u2019AEMA s\u2019appuie sur son exp\u00e9rience en Europe, en Afrique ou en Oc\u00e9anie<strong>. Le d\u00e9veloppement de la saliculture ou de la p\u00e9n\u00e9iculture, la reforestation, la lutte contre les inondations l\u2019\u00e9l\u00e9vation du niveau de la marin ou la protection des esp\u00e8ces end\u00e9miques et patrimoniales<\/strong>, soit autant de sujet sur lesquels l\u2019AEMA peut \u00eatre sollicit\u00e9e.<\/p>\n<\/div><div class=\"fusion-blog-shortcode fusion-blog-shortcode-1 fusion-blog-archive fusion-blog-layout-medium fusion-blog-infinite\" style=\"--awb-title-font-size:20px;\"><div class=\"fusion-posts-container fusion-posts-container-infinite fusion-blog-rollover\" data-pages=\"1\"><article id=\"blog-1-post-965\" class=\"fusion-post-medium post-965 post type-post status-publish format-standard has-post-thumbnail hentry category-actualites category-international\">\n\t<style type=\"text\/css\">\n\t\t\n\t\t\n\t\t\n\t\t\n\t\t\t<\/style>\n\n\n\t\t\t<div class=\"fusion-flexslider flexslider fusion-flexslider-loading fusion-post-slideshow\" style=\"\">\n\t\t<ul class=\"slides\">\n\t\t\t\n\t\t\t\t\t\t\t\t\t\t\t\t\t\t<li><div  class=\"fusion-image-wrapper fusion-image-size-fixed\" aria-haspopup=\"true\">\n\t\t\t\t<img decoding=\"async\" width=\"320\" height=\"202\" src=\"https:\/\/aema-iledere.fr\/wp-content\/uploads\/2023\/12\/409924778_1596434454431429_7690064705956323500_n-e1702374078106-320x202.jpg\" class=\"attachment-blog-medium size-blog-medium wp-post-image\" alt=\"Cartographie\" srcset=\"https:\/\/aema-iledere.fr\/wp-content\/uploads\/2023\/12\/409924778_1596434454431429_7690064705956323500_n-e1702374078106-320x202.jpg 320w, https:\/\/aema-iledere.fr\/wp-content\/uploads\/2023\/12\/409924778_1596434454431429_7690064705956323500_n-e1702374078106-700x441.jpg 700w\" sizes=\"(max-width: 320px) 100vw, 320px\" \/><div class=\"fusion-rollover\">\n\t<div class=\"fusion-rollover-content\">\n\n\t\t\t\t\t\t\t\t\t\t\t\t\t\t<a class=\"fusion-rollover-link\" href=\"https:\/\/aema-iledere.fr\/index.php\/2023\/12\/08\/programme-benin\/\">Programme d&rsquo;expertise environnementale de l&rsquo;AEMA au B\u00e9nin<\/a>\n\t\t\t\n\t\t\t\t\t\t\t\t\t\t\t\t\t\t\n\t\t\t\t\t\t\t\t\n\t\t\t\t\t\t\t\t\t\t\t\t\t<div class=\"fusion-rollover-sep\"><\/div>\n\t\t\t\t\n\t\t\t\t\t\t\t\t\t\t\t\t\t\t\t\t\t\t<a class=\"fusion-rollover-gallery\" href=\"https:\/\/aema-iledere.fr\/wp-content\/uploads\/2023\/12\/409924778_1596434454431429_7690064705956323500_n-e1702374078106.jpg\" data-id=\"965\" data-rel=\"iLightbox[gallery]\" data-title=\"Cartographie\" data-caption=\"\">\n\t\t\t\t\t\tGalerie\t\t\t\t\t<\/a>\n\t\t\t\t\t\t\t\t\t\t\t\t\t\t\n\t\t\n\t\t\t\t\t\t\t\t\n\t\t\t\t\t\t\t\t\n\t\t\n\t\t\t\t\t\t<a class=\"fusion-link-wrapper\" href=\"https:\/\/aema-iledere.fr\/index.php\/2023\/12\/08\/programme-benin\/\" aria-label=\"Programme d&rsquo;expertise environnementale de l&rsquo;AEMA au B\u00e9nin\"><\/a>\n\t<\/div>\n<\/div>\n<\/div>\n<\/li>\n\t\t\t\n\t\t\t\n\t\t\t\t\t\t\t\t\t\t\t\n\t\t\t\t\t\n\t\t\t\t\t\t\t\t\t\t\t<li>\n\t\t\t\t\t\t\t<div class=\"fusion-image-wrapper\">\n\t\t\t\t\t\t\t\t<a href=\"https:\/\/aema-iledere.fr\/index.php\/2023\/12\/08\/programme-benin\/\" aria-label=\"Programme d&rsquo;expertise environnementale de l&rsquo;AEMA au B\u00e9nin\">\n\t\t\t\t\t\t\t\t\t<img decoding=\"async\" width=\"320\" height=\"202\" src=\"https:\/\/aema-iledere.fr\/wp-content\/uploads\/2023\/12\/409544985_1596434394431435_4877048142225541326_n-320x202.png\" alt=\"Pr\u00e9sentation du projet\" class=\"wp-image-971\" role=\"presentation\" srcset=\"https:\/\/aema-iledere.fr\/wp-content\/uploads\/2023\/12\/409544985_1596434394431435_4877048142225541326_n-320x202.png 320w, https:\/\/aema-iledere.fr\/wp-content\/uploads\/2023\/12\/409544985_1596434394431435_4877048142225541326_n-700x441.png 700w\" sizes=\"(max-width: 320px) 100vw, 320px\" \/>\t\t\t\t\t\t\t\t<\/a>\n\t\t\t\t\t\t\t\t<a style=\"display:none;\" href=\"https:\/\/aema-iledere.fr\/wp-content\/uploads\/2023\/12\/409544985_1596434394431435_4877048142225541326_n.png\" data-rel=\"iLightbox[gallery965]\"  title=\"\" data-title=\"Pr\u00e9sentation_du_projet\" data-caption=\"\">\n\t\t\t\t\t\t\t\t\t\t\t\t\t\t\t\t\t\t\t<img style=\"display:none;\" alt=\"Pr\u00e9sentation du projet\" role=\"presentation\" \/>\n\t\t\t\t\t\t\t\t\t\t\t\t\t\t\t\t\t<\/a>\n\t\t\t\t\t\t\t<\/div>\n\t\t\t\t\t\t<\/li>\n\t\t\t\t\t\t\t\t\t\t\t\t\t\t\t\t\t\t\t\t\t\t\t\t\t\t\t\t\t\t\t\t\t\t\t\t\t\t\t\t\t\t\t\t\t\t\t\t\t\t\t\t\t\t\t\t\t\t\t\t\t\t\t\t\t\t<\/ul>\n\t<\/div>\n\t<div class=\"fusion-post-content post-content\"><h2 class=\"blog-shortcode-post-title entry-title\"><a href=\"https:\/\/aema-iledere.fr\/index.php\/2023\/12\/08\/programme-benin\/\">Programme d&rsquo;expertise environnementale de l&rsquo;AEMA au B\u00e9nin<\/a><\/h2><div class=\"fusion-post-content-container\"><p> LE PROGRAMME D\u2019EXPERTISE ENVIRONNEMENTALE AU B\u00c9NIN   Le programme d'expertise environnementale de l'AEMA se d\u00e9veloppe depuis 3 ans sur des projets internationaux au B\u00e9nin . Ce programme a eu pour objectif dans un premier temps de diagnostiquer l'\u00e9tat de conservation de la mangrove puis de cartographier les zones propices \u00e0 la restauration et au d\u00e9veloppement de la mangrove sur une partie de la rive est du lac Ah\u00e9m\u00e9 au B\u00e9nin. Le deuxi\u00e8me objectif du programme a eu pour vocation lui de cartographier les for\u00eats sacr\u00e9es \u00e0 singes pour y d\u00e9finir et restaurer des corridors entre ces for\u00eats et [...]<\/p><\/div><\/div><div class=\"fusion-clearfix\"><\/div><div class=\"fusion-meta-info\"><div class=\"fusion-alignleft\"><span class=\"vcard\" style=\"display: none;\"><span class=\"fn\"><a href=\"https:\/\/aema-iledere.fr\/index.php\/author\/aema\/\" title=\"Articles par AEMA\" rel=\"author\">AEMA<\/a><\/span><\/span><span class=\"updated\" style=\"display:none;\">2025-01-13T12:34:38+01:00<\/span><span>8 d\u00e9cembre 2023<\/span><span class=\"fusion-inline-sep\">|<\/span><a href=\"https:\/\/aema-iledere.fr\/index.php\/category\/actualites\/\" rel=\"category tag\">Actualit\u00e9s<\/a>, <a href=\"https:\/\/aema-iledere.fr\/index.php\/category\/international\/\" rel=\"category tag\">International<\/a><span class=\"fusion-inline-sep\">|<\/span><\/div><div class=\"fusion-alignright\"><a class=\"fusion-read-more\" href=\"https:\/\/aema-iledere.fr\/index.php\/2023\/12\/08\/programme-benin\/\" aria-label=\"En savoir plus sur Programme d&rsquo;expertise environnementale de l&rsquo;AEMA au B\u00e9nin\">Lire la suite<\/a><\/div><\/div><\/article>\n<article id=\"blog-1-post-893\" class=\"fusion-post-medium post-893 post type-post status-publish format-image has-post-thumbnail hentry category-actualites category-international category-presse post_format-post-format-image\">\n\t<style type=\"text\/css\">\n\t\t\n\t\t\n\t\t\n\t\t\n\t\t\t<\/style>\n\n\n\t\t\t<div class=\"fusion-flexslider flexslider fusion-flexslider-loading fusion-post-slideshow\" style=\"\">\n\t\t<ul class=\"slides\">\n\t\t\t\n\t\t\t\t\t\t\t\t\t\t\t\t\t\t<li><div  class=\"fusion-image-wrapper fusion-image-size-fixed\" aria-haspopup=\"true\">\n\t\t\t\t<img decoding=\"async\" width=\"320\" height=\"202\" src=\"https:\/\/aema-iledere.fr\/wp-content\/uploads\/2023\/11\/20230821_121441-320x202.jpg\" class=\"attachment-blog-medium size-blog-medium wp-post-image\" alt=\"L&#039;AEMA veut exporter son expertise\" srcset=\"https:\/\/aema-iledere.fr\/wp-content\/uploads\/2023\/11\/20230821_121441-320x202.jpg 320w, https:\/\/aema-iledere.fr\/wp-content\/uploads\/2023\/11\/20230821_121441-700x441.jpg 700w\" sizes=\"(max-width: 320px) 100vw, 320px\" \/><div class=\"fusion-rollover\">\n\t<div class=\"fusion-rollover-content\">\n\n\t\t\t\t\t\t\t\t\t\t\t\t\t\t<a class=\"fusion-rollover-link\" href=\"https:\/\/aema-iledere.fr\/index.php\/2022\/11\/23\/laema-veut-exporter-son-expertise\/\">L&rsquo;AEMA veut exporter son expertise<\/a>\n\t\t\t\n\t\t\t\t\t\t\t\t\t\t\t\t\t\t\n\t\t\t\t\t\t\t\t\n\t\t\t\t\t\t\t\t\t\t\t\t\t<div class=\"fusion-rollover-sep\"><\/div>\n\t\t\t\t\n\t\t\t\t\t\t\t\t\t\t\t\t\t\t\t\t\t\t<a class=\"fusion-rollover-gallery\" href=\"https:\/\/aema-iledere.fr\/wp-content\/uploads\/2023\/11\/20230821_121441-scaled.jpg\" data-id=\"893\" data-rel=\"iLightbox[gallery]\" data-title=\"L&#039;AEMA_veut_exporter_son_expertise\" data-caption=\"\">\n\t\t\t\t\t\tGalerie\t\t\t\t\t<\/a>\n\t\t\t\t\t\t\t\t\t\t\t\t\t\t\n\t\t\n\t\t\t\t\t\t\t\t\n\t\t\t\t\t\t\t\t\n\t\t\n\t\t\t\t\t\t<a class=\"fusion-link-wrapper\" href=\"https:\/\/aema-iledere.fr\/index.php\/2022\/11\/23\/laema-veut-exporter-son-expertise\/\" aria-label=\"L&rsquo;AEMA veut exporter son expertise\"><\/a>\n\t<\/div>\n<\/div>\n<\/div>\n<\/li>\n\t\t\t\n\t\t\t\n\t\t\t\t\t\t\t\t\t\t\t\t\t\t\t\t\t\t\t\t\t\t\t\t\t\t\t\t\t\t\t\t\t\t\t\t\t\t\t\t\t\t\t\t\t\t\t\t\t\t\t\t\t\t\t\t\t\t\t\t\t\t\t\t\t\t\t\t<\/ul>\n\t<\/div>\n\t<div class=\"fusion-post-content post-content\"><h2 class=\"blog-shortcode-post-title entry-title\"><a href=\"https:\/\/aema-iledere.fr\/index.php\/2022\/11\/23\/laema-veut-exporter-son-expertise\/\">L&rsquo;AEMA veut exporter son expertise<\/a><\/h2><div class=\"fusion-post-content-container\"><p> L'AEMA vient de signer une convention pour suivre une mission de conseil men\u00e9e en mars au B\u00e9nin. Elle ouvre ainsi officiellement son p\u00f4le \"\u00e9tudes\" aux sollicitations internationales. D\u00e9couvrez cette article.    <\/p><\/div><\/div><div class=\"fusion-clearfix\"><\/div><div class=\"fusion-meta-info\"><div class=\"fusion-alignleft\"><span class=\"vcard\" style=\"display: none;\"><span class=\"fn\"><a href=\"https:\/\/aema-iledere.fr\/index.php\/author\/aema\/\" title=\"Articles par AEMA\" rel=\"author\">AEMA<\/a><\/span><\/span><span class=\"updated\" style=\"display:none;\">2025-01-13T12:34:38+01:00<\/span><span>23 novembre 2022<\/span><span class=\"fusion-inline-sep\">|<\/span><a href=\"https:\/\/aema-iledere.fr\/index.php\/category\/actualites\/\" rel=\"category tag\">Actualit\u00e9s<\/a>, <a href=\"https:\/\/aema-iledere.fr\/index.php\/category\/international\/\" rel=\"category tag\">International<\/a>, <a href=\"https:\/\/aema-iledere.fr\/index.php\/category\/presse\/\" rel=\"category tag\">Presse<\/a><span class=\"fusion-inline-sep\">|<\/span><\/div><div class=\"fusion-alignright\"><a class=\"fusion-read-more\" href=\"https:\/\/aema-iledere.fr\/index.php\/2022\/11\/23\/laema-veut-exporter-son-expertise\/\" aria-label=\"En savoir plus sur L&rsquo;AEMA veut exporter son expertise\">Lire la suite<\/a><\/div><\/div><\/article>\n<\/div><\/div><\/div><\/div><\/div><\/div>\n","protected":false},"excerpt":{"rendered":"","protected":false},"author":1,"featured_media":0,"parent":0,"menu_order":0,"comment_status":"closed","ping_status":"closed","template":"","meta":{"footnotes":""},"folder":[26],"class_list":["post-1913","page","type-page","status-publish","hentry"],"yoast_head":"<!-- This site is optimized with the Yoast SEO plugin v24.2 - https:\/\/yoast.com\/wordpress\/plugins\/seo\/ -->\n<title>La coop\u00e9ration internationale - AEMA<\/title>\n<meta name=\"robots\" content=\"index, follow, max-snippet:-1, max-image-preview:large, max-video-preview:-1\" \/>\n<link rel=\"canonical\" href=\"https:\/\/aema-iledere.fr\/index.php\/la-cooperation-internationale\/\" \/>\n<meta property=\"og:locale\" content=\"fr_FR\" \/>\n<meta property=\"og:type\" content=\"article\" \/>\n<meta property=\"og:title\" content=\"La coop\u00e9ration internationale - AEMA\" \/>\n<meta property=\"og:url\" content=\"https:\/\/aema-iledere.fr\/index.php\/la-cooperation-internationale\/\" \/>\n<meta property=\"og:site_name\" content=\"AEMA\" \/>\n<meta property=\"article:publisher\" content=\"https:\/\/www.facebook.com\/aema.aema.9041\" \/>\n<meta property=\"article:modified_time\" content=\"2024-04-18T13:53:48+00:00\" \/>\n<meta name=\"twitter:card\" content=\"summary_large_image\" \/>\n<meta name=\"twitter:label1\" content=\"Dur\u00e9e de lecture estim\u00e9e\" \/>\n\t<meta name=\"twitter:data1\" content=\"3 minutes\" \/>\n<script type=\"application\/ld+json\" class=\"yoast-schema-graph\">{\"@context\":\"https:\/\/schema.org\",\"@graph\":[{\"@type\":\"WebPage\",\"@id\":\"https:\/\/aema-iledere.fr\/index.php\/la-cooperation-internationale\/\",\"url\":\"https:\/\/aema-iledere.fr\/index.php\/la-cooperation-internationale\/\",\"name\":\"La coop\u00e9ration internationale - AEMA\",\"isPartOf\":{\"@id\":\"https:\/\/aema-iledere.fr\/#website\"},\"datePublished\":\"2024-04-18T13:42:49+00:00\",\"dateModified\":\"2024-04-18T13:53:48+00:00\",\"breadcrumb\":{\"@id\":\"https:\/\/aema-iledere.fr\/index.php\/la-cooperation-internationale\/#breadcrumb\"},\"inLanguage\":\"fr-FR\",\"potentialAction\":[{\"@type\":\"ReadAction\",\"target\":[\"https:\/\/aema-iledere.fr\/index.php\/la-cooperation-internationale\/\"]}]},{\"@type\":\"BreadcrumbList\",\"@id\":\"https:\/\/aema-iledere.fr\/index.php\/la-cooperation-internationale\/#breadcrumb\",\"itemListElement\":[{\"@type\":\"ListItem\",\"position\":1,\"name\":\"Accueil\",\"item\":\"https:\/\/aema-iledere.fr\/\"},{\"@type\":\"ListItem\",\"position\":2,\"name\":\"La coop\u00e9ration internationale\"}]},{\"@type\":\"WebSite\",\"@id\":\"https:\/\/aema-iledere.fr\/#website\",\"url\":\"https:\/\/aema-iledere.fr\/\",\"name\":\"AEMA\",\"description\":\"Association des Etangs et Marais de l\u2019Ile de R\u00e9\",\"publisher\":{\"@id\":\"https:\/\/aema-iledere.fr\/#organization\"},\"potentialAction\":[{\"@type\":\"SearchAction\",\"target\":{\"@type\":\"EntryPoint\",\"urlTemplate\":\"https:\/\/aema-iledere.fr\/?s={search_term_string}\"},\"query-input\":{\"@type\":\"PropertyValueSpecification\",\"valueRequired\":true,\"valueName\":\"search_term_string\"}}],\"inLanguage\":\"fr-FR\"},{\"@type\":\"Organization\",\"@id\":\"https:\/\/aema-iledere.fr\/#organization\",\"name\":\"AEMA\",\"url\":\"https:\/\/aema-iledere.fr\/\",\"logo\":{\"@type\":\"ImageObject\",\"inLanguage\":\"fr-FR\",\"@id\":\"https:\/\/aema-iledere.fr\/#\/schema\/logo\/image\/\",\"url\":\"https:\/\/aema-iledere.fr\/wp-content\/uploads\/2019\/03\/logo-aema.png\",\"contentUrl\":\"https:\/\/aema-iledere.fr\/wp-content\/uploads\/2019\/03\/logo-aema.png\",\"width\":377,\"height\":238,\"caption\":\"AEMA\"},\"image\":{\"@id\":\"https:\/\/aema-iledere.fr\/#\/schema\/logo\/image\/\"},\"sameAs\":[\"https:\/\/www.facebook.com\/aema.aema.9041\"]}]}<\/script>\n<!-- \/ Yoast SEO plugin. -->","yoast_head_json":{"title":"La coop\u00e9ration internationale - AEMA","robots":{"index":"index","follow":"follow","max-snippet":"max-snippet:-1","max-image-preview":"max-image-preview:large","max-video-preview":"max-video-preview:-1"},"canonical":"https:\/\/aema-iledere.fr\/index.php\/la-cooperation-internationale\/","og_locale":"fr_FR","og_type":"article","og_title":"La coop\u00e9ration internationale - AEMA","og_url":"https:\/\/aema-iledere.fr\/index.php\/la-cooperation-internationale\/","og_site_name":"AEMA","article_publisher":"https:\/\/www.facebook.com\/aema.aema.9041","article_modified_time":"2024-04-18T13:53:48+00:00","twitter_card":"summary_large_image","twitter_misc":{"Dur\u00e9e de lecture estim\u00e9e":"3 minutes"},"schema":{"@context":"https:\/\/schema.org","@graph":[{"@type":"WebPage","@id":"https:\/\/aema-iledere.fr\/index.php\/la-cooperation-internationale\/","url":"https:\/\/aema-iledere.fr\/index.php\/la-cooperation-internationale\/","name":"La coop\u00e9ration internationale - AEMA","isPartOf":{"@id":"https:\/\/aema-iledere.fr\/#website"},"datePublished":"2024-04-18T13:42:49+00:00","dateModified":"2024-04-18T13:53:48+00:00","breadcrumb":{"@id":"https:\/\/aema-iledere.fr\/index.php\/la-cooperation-internationale\/#breadcrumb"},"inLanguage":"fr-FR","potentialAction":[{"@type":"ReadAction","target":["https:\/\/aema-iledere.fr\/index.php\/la-cooperation-internationale\/"]}]},{"@type":"BreadcrumbList","@id":"https:\/\/aema-iledere.fr\/index.php\/la-cooperation-internationale\/#breadcrumb","itemListElement":[{"@type":"ListItem","position":1,"name":"Accueil","item":"https:\/\/aema-iledere.fr\/"},{"@type":"ListItem","position":2,"name":"La coop\u00e9ration internationale"}]},{"@type":"WebSite","@id":"https:\/\/aema-iledere.fr\/#website","url":"https:\/\/aema-iledere.fr\/","name":"AEMA","description":"Association des Etangs et Marais de l\u2019Ile de R\u00e9","publisher":{"@id":"https:\/\/aema-iledere.fr\/#organization"},"potentialAction":[{"@type":"SearchAction","target":{"@type":"EntryPoint","urlTemplate":"https:\/\/aema-iledere.fr\/?s={search_term_string}"},"query-input":{"@type":"PropertyValueSpecification","valueRequired":true,"valueName":"search_term_string"}}],"inLanguage":"fr-FR"},{"@type":"Organization","@id":"https:\/\/aema-iledere.fr\/#organization","name":"AEMA","url":"https:\/\/aema-iledere.fr\/","logo":{"@type":"ImageObject","inLanguage":"fr-FR","@id":"https:\/\/aema-iledere.fr\/#\/schema\/logo\/image\/","url":"https:\/\/aema-iledere.fr\/wp-content\/uploads\/2019\/03\/logo-aema.png","contentUrl":"https:\/\/aema-iledere.fr\/wp-content\/uploads\/2019\/03\/logo-aema.png","width":377,"height":238,"caption":"AEMA"},"image":{"@id":"https:\/\/aema-iledere.fr\/#\/schema\/logo\/image\/"},"sameAs":["https:\/\/www.facebook.com\/aema.aema.9041"]}]}},"_links":{"self":[{"href":"https:\/\/aema-iledere.fr\/index.php\/wp-json\/wp\/v2\/pages\/1913","targetHints":{"allow":["GET"]}}],"collection":[{"href":"https:\/\/aema-iledere.fr\/index.php\/wp-json\/wp\/v2\/pages"}],"about":[{"href":"https:\/\/aema-iledere.fr\/index.php\/wp-json\/wp\/v2\/types\/page"}],"author":[{"embeddable":true,"href":"https:\/\/aema-iledere.fr\/index.php\/wp-json\/wp\/v2\/users\/1"}],"replies":[{"embeddable":true,"href":"https:\/\/aema-iledere.fr\/index.php\/wp-json\/wp\/v2\/comments?post=1913"}],"version-history":[{"count":4,"href":"https:\/\/aema-iledere.fr\/index.php\/wp-json\/wp\/v2\/pages\/1913\/revisions"}],"predecessor-version":[{"id":1920,"href":"https:\/\/aema-iledere.fr\/index.php\/wp-json\/wp\/v2\/pages\/1913\/revisions\/1920"}],"wp:attachment":[{"href":"https:\/\/aema-iledere.fr\/index.php\/wp-json\/wp\/v2\/media?parent=1913"}],"wp:term":[{"taxonomy":"folder","embeddable":true,"href":"https:\/\/aema-iledere.fr\/index.php\/wp-json\/wp\/v2\/folder?post=1913"}],"curies":[{"name":"wp","href":"https:\/\/api.w.org\/{rel}","templated":true}]}}